{"id":147,"date":"2019-06-04T23:58:46","date_gmt":"2019-06-04T21:58:46","guid":{"rendered":"http:\/\/mefuxe.pl\/?page_id=147"},"modified":"2026-01-13T00:10:47","modified_gmt":"2026-01-12T23:10:47","slug":"mevasile","status":"publish","type":"page","link":"https:\/\/mefuxe.pl\/?page_id=147","title":{"rendered":"meVasile"},"content":{"rendered":"<table width=\"100%\">\n<tbody>\n<tr>\n<td width=\"25%\"><img fetchpriority=\"high\" decoding=\"async\" class=\"alignnone size-full wp-image-227\" src=\"https:\/\/mefuxe.pl\/wp-content\/uploads\/2019\/06\/pobrane.png\" alt=\"\" width=\"195\" height=\"259\" \/><\/td>\n<td width=\"74%\">\n<p style=\"text-align: center;\"><strong>Vasile Turcule\u0163 \u2013 Bazyli Turku\u0142\u0142<\/strong> herbu<strong> Ostoja <\/strong>z odmian\u0105*<\/p>\n<\/td>\n<\/tr>\n<tr>\n<td width=\"25%\"><\/td>\n<td width=\"74%\">*)powy\u017cej klasyczny herb<\/td>\n<\/tr>\n<tr>\n<td width=\"25%\">Daty<\/td>\n<td width=\"74%\">W 1676 otrzymuje nobilitacj\u0119 i wchodzi do s\u0142u\u017cby Rzeczpospolitej Obojga Narod\u00f3w<\/td>\n<\/tr>\n<tr>\n<td width=\"25%\">Zaw\u00f3d<\/td>\n<td width=\"74%\">Kapitan Kawalerii<\/td>\n<\/tr>\n<tr>\n<td width=\"25%\">Biografia<\/td>\n<td width=\"74%\">Bojar pochodz\u0105cy z Wo\u0142oszczyzny (kiedy\u015b Mo\u0142dawia, obecnie Rumunia).S\u0142u\u017cy\u0142 u boku Hospodara <a href=\"https:\/\/pl.wikipedia.org\/wiki\/Stefan_Petriceicu\" target=\"_blank\" rel=\"noopener noreferrer\">\u015etefana Petriceicu<\/a> (Stefan Petriceicu, w Polsce znany jako Petryczejko).<\/p>\n<p>W okolicach 1674 uciek\u0142 do Polski wraz z grup\u0105 innych mo\u017cnych Mo\u0142dawian.<\/p>\n<p>Nobilitacja otrzymana w trakcie trwania Sejmu koronacyjnego\u00a0 Kr\u00f3la <a href=\"https:\/\/pl.wikipedia.org\/wiki\/Jan_III_Sobieski\" target=\"_blank\" rel=\"noopener\">Jana III Sobieskiego<\/a>.<\/p>\n<p>Uczestnik Bitwy pod Wiedniem z dnia 12 wrze\u015bnia 1683r.<\/p>\n<p>Ojciec m.in. Konstantyna Turku\u0142\u0142a\u00a0 oraz J\u0119drzeja Turku\u0142\u0142a.<\/p>\n<p>3xpradziadek dla Ludwiki Manasterskiej de domo Turku\u0142\u0142.<\/p>\n<p>M\u00f3j 8xpradziadek.<\/td>\n<\/tr>\n<tr>\n<td width=\"25%\">Ciekawe linki<\/td>\n<td width=\"74%\">\u00b7\u00a0\u00a0\u00a0\u00a0\u00a0\u00a0 <a href=\"http:\/\/rcin.org.pl\/Content\/55686\/WA303_75819_A295-APH-R-104_Kaczka.pdf\" target=\"_blank\" rel=\"noopener noreferrer\">http:\/\/rcin.org.pl\/Content\/55686\/WA303_75819_A295-APH-R-104_Kaczka.pdf<\/a>\u00b7\u00a0\u00a0\u00a0\u00a0\u00a0\u00a0 <a href=\"https:\/\/pl.wikipedia.org\/wiki\/Stefan_Petriceicu\" target=\"_blank\" rel=\"noopener noreferrer\">https:\/\/pl.wikipedia.org\/wiki\/Stefan_Petriceicu<\/a><\/p>\n<p>\u00b7\u00a0\u00a0\u00a0\u00a0\u00a0\u00a0 <a href=\"https:\/\/wielcy.pl\/niesiecki\/t\/turkul\/6416.php\" target=\"_blank\" rel=\"noopener noreferrer\">https:\/\/wielcy.pl\/niesiecki\/t\/turkul\/6416.php<\/a><\/p>\n<p>\u00b7\u00a0\u00a0\u00a0\u00a0\u00a0\u00a0 <a href=\"https:\/\/polishgenealogy2.blogspot.com\/2015\/10\/turku.html\" target=\"_blank\" rel=\"noopener noreferrer\">https:\/\/polishgenealogy2.blogspot.com\/2015\/10\/turku.html<\/a><\/td>\n<\/tr>\n<\/tbody>\n<\/table>\n","protected":false},"excerpt":{"rendered":"<p>Vasile Turcule\u0163 \u2013 Bazyli Turku\u0142\u0142 herbu Ostoja z odmian\u0105* *)powy\u017cej klasyczny herb Daty W 1676 otrzymuje nobilitacj\u0119 i wchodzi do s\u0142u\u017cby Rzeczpospolitej Obojga Narod\u00f3w Zaw\u00f3d Kapitan Kawalerii Biografia Bojar pochodz\u0105cy z Wo\u0142oszczyzny (kiedy\u015b Mo\u0142dawia, obecnie Rumunia).S\u0142u\u017cy\u0142 u boku Hospodara \u015etefana &hellip; <a href=\"https:\/\/mefuxe.pl\/?page_id=147\">Czytaj dalej <span class=\"meta-nav\">&rarr;<\/span><\/a><\/p>\n","protected":false},"author":2,"featured_media":0,"parent":0,"menu_order":0,"comment_status":"closed","ping_status":"closed","template":"","meta":{"footnotes":""},"class_list":["post-147","page","type-page","status-publish","hentry"],"_links":{"self":[{"href":"https:\/\/mefuxe.pl\/index.php?rest_route=\/wp\/v2\/pages\/147","targetHints":{"allow":["GET"]}}],"collection":[{"href":"https:\/\/mefuxe.pl\/index.php?rest_route=\/wp\/v2\/pages"}],"about":[{"href":"https:\/\/mefuxe.pl\/index.php?rest_route=\/wp\/v2\/types\/page"}],"author":[{"embeddable":true,"href":"https:\/\/mefuxe.pl\/index.php?rest_route=\/wp\/v2\/users\/2"}],"replies":[{"embeddable":true,"href":"https:\/\/mefuxe.pl\/index.php?rest_route=%2Fwp%2Fv2%2Fcomments&post=147"}],"version-history":[{"count":17,"href":"https:\/\/mefuxe.pl\/index.php?rest_route=\/wp\/v2\/pages\/147\/revisions"}],"predecessor-version":[{"id":2191,"href":"https:\/\/mefuxe.pl\/index.php?rest_route=\/wp\/v2\/pages\/147\/revisions\/2191"}],"wp:attachment":[{"href":"https:\/\/mefuxe.pl\/index.php?rest_route=%2Fwp%2Fv2%2Fmedia&parent=147"}],"curies":[{"name":"wp","href":"https:\/\/api.w.org\/{rel}","templated":true}]}}